{"id":17,"date":"2025-10-23T20:17:43","date_gmt":"2025-10-24T02:17:43","guid":{"rendered":"https:\/\/cclqueretaro.gob.mx\/?page_id=17"},"modified":"2026-04-06T11:39:14","modified_gmt":"2026-04-06T17:39:14","slug":"inicio","status":"publish","type":"page","link":"https:\/\/cclqueretaro.gob.mx\/","title":{"rendered":"INICIO"},"content":{"rendered":"<p>[et_pb_section fb_built=\u00bb1&#8243; fullwidth=\u00bbon\u00bb admin_label=\u00bbSection\u00bb _builder_version=\u00bb4.27.4&#8243; _module_preset=\u00bbdefault\u00bb width=\u00bb100%\u00bb max_width=\u00bb100%\u00bb module_alignment=\u00bbcenter\u00bb min_height=\u00bb100px\u00bb height=\u00bb1000px\u00bb custom_margin=\u00bb||-361px|||\u00bb da_disable_devices=\u00bboff|off|off\u00bb global_colors_info=\u00bb{}\u00bb da_is_popup=\u00bboff\u00bb da_exit_intent=\u00bboff\u00bb da_has_close=\u00bbon\u00bb da_alt_close=\u00bboff\u00bb da_dark_close=\u00bboff\u00bb da_not_modal=\u00bbon\u00bb da_is_singular=\u00bboff\u00bb da_with_loader=\u00bboff\u00bb da_has_shadow=\u00bbon\u00bb][et_pb_fullwidth_slider use_bg_overlay=\u00bboff\u00bb use_text_overlay=\u00bboff\u00bb arrows_custom_color=\u00bb#FFFFFF\u00bb dot_nav_custom_color=\u00bb#FFFFFF\u00bb _builder_version=\u00bb4.27.4&#8243; _module_preset=\u00bbdefault\u00bb content_width=\u00bb100%\u00bb min_height=\u00bb578.9px\u00bb auto=\u00bbon\u00bb auto_ignore_hover=\u00bbon\u00bb hover_transition_duration=\u00bb0ms\u00bb hover_transition_delay=\u00bb40ms\u00bb hover_transition_speed_curve=\u00bbease-in\u00bb hover_enabled=\u00bb0&#8243; global_colors_info=\u00bb{}\u00bb sticky_enabled=\u00bb0&#8243;][et_pb_slide alignment=\u00bbbottom\u00bb _builder_version=\u00bb4.27.4&#8243; _module_preset=\u00bbdefault\u00bb background_color=\u00bb#595A5C\u00bb background_enable_color=\u00bbon\u00bb background_image=\u00bbhttps:\/\/cclqueretaro.gob.mx\/wp-content\/uploads\/2025\/11\/BANNER-WEB.jpg\u00bb background_enable_image=\u00bbon\u00bb background_size=\u00bbcontain\u00bb global_colors_info=\u00bb{}\u00bb sticky_transition=\u00bbon\u00bb][\/et_pb_slide][et_pb_slide _builder_version=\u00bb4.27.4&#8243; _module_preset=\u00bbdefault\u00bb background_color=\u00bb#595A5C\u00bb background_enable_color=\u00bbon\u00bb background_image=\u00bbhttps:\/\/cclqueretaro.gob.mx\/wp-content\/uploads\/2025\/11\/BANNER-WEB-PIE_DELACUESTA.jpg\u00bb background_enable_image=\u00bbon\u00bb background_size=\u00bbcontain\u00bb global_colors_info=\u00bb{}\u00bb sticky_transition=\u00bbon\u00bb][\/et_pb_slide][et_pb_slide _builder_version=\u00bb4.27.4&#8243; _module_preset=\u00bbdefault\u00bb background_color=\u00bb#595A5C\u00bb background_enable_color=\u00bbon\u00bb background_image=\u00bbhttps:\/\/cclqueretaro.gob.mx\/wp-content\/uploads\/2026\/02\/ACUDE-EMPLEADOR.png\u00bb background_enable_image=\u00bbon\u00bb background_size=\u00bbcontain\u00bb hover_enabled=\u00bb0&#8243; global_colors_info=\u00bb{}\u00bb sticky_transition=\u00bbon\u00bb title_text=\u00bbACUDE EMPLEADOR\u00bb sticky_enabled=\u00bb0&#8243;][\/et_pb_slide][et_pb_slide _builder_version=\u00bb4.27.4&#8243; _module_preset=\u00bbdefault\u00bb background_color=\u00bb#595A5C\u00bb background_enable_color=\u00bbon\u00bb background_image=\u00bbhttps:\/\/cclqueretaro.gob.mx\/wp-content\/uploads\/2025\/11\/BANNER-WEB-JURIQUILLA.jpg\u00bb background_enable_image=\u00bbon\u00bb background_size=\u00bbcontain\u00bb hover_enabled=\u00bb0&#8243; global_colors_info=\u00bb{}\u00bb sticky_transition=\u00bbon\u00bb title_text=\u00bbBANNER WEB JURIQUILLA\u00bb sticky_enabled=\u00bb0&#8243;][\/et_pb_slide][et_pb_slide _builder_version=\u00bb4.27.4&#8243; _module_preset=\u00bbdefault\u00bb background_color=\u00bb#595A5C\u00bb background_enable_color=\u00bbon\u00bb background_image=\u00bbhttps:\/\/cclqueretaro.gob.mx\/wp-content\/uploads\/2025\/10\/slider1-1.jpg\u00bb background_enable_image=\u00bbon\u00bb background_size=\u00bbcontain\u00bb hover_enabled=\u00bb0&#8243; global_colors_info=\u00bb{}\u00bb sticky_transition=\u00bbon\u00bb title_text=\u00bbslider1&#8243; sticky_enabled=\u00bb0&#8243;][\/et_pb_slide][\/et_pb_fullwidth_slider][\/et_pb_section][et_pb_section fb_built=\u00bb1&#8243; admin_label=\u00bbStats\u00bb _builder_version=\u00bb4.16&#8243; _module_preset=\u00bbdefault\u00bb min_height=\u00bb442.7px\u00bb custom_padding=\u00bb18px||6px|||\u00bb da_disable_devices=\u00bboff|off|off\u00bb global_colors_info=\u00bb{}\u00bb da_is_popup=\u00bboff\u00bb da_exit_intent=\u00bboff\u00bb da_has_close=\u00bbon\u00bb da_alt_close=\u00bboff\u00bb da_dark_close=\u00bboff\u00bb da_not_modal=\u00bbon\u00bb da_is_singular=\u00bboff\u00bb da_with_loader=\u00bboff\u00bb da_has_shadow=\u00bbon\u00bb][et_pb_row column_structure=\u00bb1_2,1_2&#8243; custom_padding_last_edited=\u00bboff|desktop\u00bb _builder_version=\u00bb4.16&#8243; _module_preset=\u00bbdefault\u00bb width=\u00bb90%\u00bb width_tablet=\u00bb80%\u00bb width_phone=\u00bb\u00bb width_last_edited=\u00bbon|tablet\u00bb max_width=\u00bb100%\u00bb min_height=\u00bb350.7px\u00bb custom_padding=\u00bb||4px|||\u00bb custom_padding_tablet=\u00bb||||false|false\u00bb custom_padding_phone=\u00bb||||false|false\u00bb locked=\u00bboff\u00bb global_colors_info=\u00bb{}\u00bb][et_pb_column type=\u00bb1_2&#8243; _builder_version=\u00bb4.16&#8243; _module_preset=\u00bbdefault\u00bb global_colors_info=\u00bb{}\u00bb][et_pb_text _builder_version=\u00bb4.27.4&#8243; _module_preset=\u00bbdefault\u00bb text_font=\u00bb&#8211;et_global_heading_font|700|||||||\u00bb text_text_color=\u00bb#595A5C\u00bb text_font_size=\u00bb16px\u00bb text_line_height=\u00bb1.8em\u00bb header_font=\u00bb&#8211;et_global_heading_font|700|||||||\u00bb header_text_align=\u00bbright\u00bb header_text_color=\u00bb#B49867&#8243; header_font_size=\u00bb31px\u00bb header_2_font=\u00bb&#8211;et_global_body_font||||||||\u00bb header_2_text_color=\u00bb#B49867&#8243; text_orientation=\u00bbright\u00bb max_width=\u00bb581px\u00bb module_alignment=\u00bbright\u00bb text_font_size_tablet=\u00bb14px\u00bb text_font_size_phone=\u00bb13px\u00bb text_font_size_last_edited=\u00bbon|tablet\u00bb global_colors_info=\u00bb{}\u00bb]<\/p>\n<div id=\"sppb-addon-wrapper-1612222450670\" class=\"sppb-addon-wrapper\">\n<div id=\"sppb-addon-1612222450670\" class=\"clearfix \">\n<div class=\"sppb-addon sppb-addon-text-block  \">\n<p style=\"text-align: left;\"><span class=\"sppb-addon-title\">DE ACUERDO CON EL NUEVO SISTEMA DE<\/span><\/p>\n<\/div>\n<\/div>\n<\/div>\n<p>[\/et_pb_text][et_pb_text _builder_version=\u00bb4.27.4&#8243; _module_preset=\u00bbdefault\u00bb text_font=\u00bb&#8211;et_global_heading_font||||||||\u00bb text_text_color=\u00bb#595A5C\u00bb text_font_size=\u00bb16px\u00bb text_line_height=\u00bb1.8em\u00bb header_font=\u00bb&#8211;et_global_heading_font|700|||||||\u00bb header_text_align=\u00bbright\u00bb header_text_color=\u00bb#B49867&#8243; header_font_size=\u00bb31px\u00bb header_2_font=\u00bb&#8211;et_global_body_font||||||||\u00bb header_2_text_color=\u00bb#B49867&#8243; text_orientation=\u00bbright\u00bb max_width=\u00bb582px\u00bb module_alignment=\u00bbright\u00bb animation_style=\u00bbbounce\u00bb animation_duration=\u00bb1600ms\u00bb animation_delay=\u00bb50ms\u00bb animation_starting_opacity=\u00bb2%\u00bb text_font_size_tablet=\u00bb14px\u00bb text_font_size_phone=\u00bb13px\u00bb text_font_size_last_edited=\u00bbon|tablet\u00bb global_colors_info=\u00bb{}\u00bb]<\/p>\n<div id=\"sppb-addon-wrapper-1612222450670\" class=\"sppb-addon-wrapper\">\n<div id=\"sppb-addon-1612222450670\" class=\"clearfix \">\n<div class=\"sppb-addon sppb-addon-text-block  \">\n<h1 class=\"sppb-addon-content\" style=\"text-align: left;\">Justicia Laboral<\/h1>\n<\/div>\n<\/div>\n<\/div>\n<p>[\/et_pb_text][et_pb_text _builder_version=\u00bb4.27.4&#8243; _module_preset=\u00bbdefault\u00bb text_font=\u00bb&#8211;et_global_body_font||||||||\u00bb text_text_color=\u00bb#595A5C\u00bb text_font_size=\u00bb16px\u00bb text_line_height=\u00bb1.8em\u00bb header_font=\u00bb&#8211;et_global_heading_font||||||||\u00bb header_2_font=\u00bb&#8211;et_global_heading_font||||||||\u00bb header_3_font=\u00bb&#8211;et_global_heading_font||||||||\u00bb header_3_text_color=\u00bb#595A5C\u00bb header_4_font=\u00bb&#8211;et_global_heading_font||||||||\u00bb header_5_font=\u00bb&#8211;et_global_heading_font||||||||\u00bb header_6_font=\u00bb&#8211;et_global_heading_font||||||||\u00bb text_orientation=\u00bbright\u00bb max_width=\u00bb583px\u00bb module_alignment=\u00bbright\u00bb custom_margin=\u00bb|||33px||\u00bb text_font_size_tablet=\u00bb14px\u00bb text_font_size_phone=\u00bb13px\u00bb text_font_size_last_edited=\u00bbon|tablet\u00bb global_colors_info=\u00bb{}\u00bb]<\/p>\n<h3 style=\"text-align: left;\">El Centro de Conciliaci\u00f3n Laboral del Estado de Quer\u00e9taro tiene por objeto sustanciar el procedimiento de conciliaci\u00f3n que deber\u00e1n agotar las personas trabajadoras y empleadoras, en los asuntos de orden local, previa al juicio ante los tribunales locales, procurando el equilibrio entre los factores de producci\u00f3n, ofreciendo a \u00e9stos una instancia eficaz y expedita, conforme a las disposiciones legales aplicables.<\/h3>\n<p>[\/et_pb_text][\/et_pb_column][et_pb_column type=\u00bb1_2&#8243; _builder_version=\u00bb4.16&#8243; _module_preset=\u00bbdefault\u00bb global_colors_info=\u00bb{}\u00bb][et_pb_blurb title=\u00bbProceso de Conciliaci\u00f3n Laboral\u00bb use_icon=\u00bbon\u00bb font_icon=\u00bb&#xf2b5;||fa||900&#8243; icon_color=\u00bb#8B7750&#8243; image_icon_width=\u00bb60px\u00bb icon_alignment=\u00bbleft\u00bb _builder_version=\u00bb4.27.4&#8243; _module_preset=\u00bbdefault\u00bb header_level=\u00bbh3&#8243; header_font=\u00bb&#8211;et_global_heading_font||||||||\u00bb body_font=\u00bb&#8211;et_global_body_font||||||||\u00bb body_text_color=\u00bb#595A5C\u00bb width=\u00bb100%\u00bb custom_margin=\u00bb|-28px||||\u00bb global_colors_info=\u00bb{}\u00bb]<\/p>\n<p><span>Atendemos, de manera gratuita, la funci\u00f3n conciliatoria previa al juicio laboral, en los conflictos laborales individuales y\/o colectivos en el estado de Quer\u00e9taro, de conformidad con lo establecido en el apartado A del art\u00edculo 123, fracci\u00f3n XX de la Constituci\u00f3n Pol\u00edtica de los Estados Unidos Mexicanos, en t\u00e9rminos de lo establecido por la Ley Federal del Trabajo, con excepci\u00f3n de aquellos supuestos que est\u00e9n eximidos de agotar la conciliaci\u00f3n prejudicial.<\/span><\/p>\n<p>[\/et_pb_blurb][\/et_pb_column][\/et_pb_row][\/et_pb_section][et_pb_section fb_built=\u00bb1&#8243; specialty=\u00bbon\u00bb admin_label=\u00bbSection\u00bb _builder_version=\u00bb4.27.4&#8243; _module_preset=\u00bbdefault\u00bb min_height=\u00bb458.7px\u00bb custom_margin=\u00bb||-191px|||\u00bb custom_padding=\u00bb43px|||||\u00bb da_disable_devices=\u00bboff|off|off\u00bb global_colors_info=\u00bb{}\u00bb da_is_popup=\u00bboff\u00bb da_exit_intent=\u00bboff\u00bb da_has_close=\u00bbon\u00bb da_alt_close=\u00bboff\u00bb da_dark_close=\u00bboff\u00bb da_not_modal=\u00bbon\u00bb da_is_singular=\u00bboff\u00bb da_with_loader=\u00bboff\u00bb da_has_shadow=\u00bbon\u00bb][et_pb_column type=\u00bb1_2&#8243; _builder_version=\u00bb4.16&#8243; custom_padding=\u00bb|||\u00bb global_colors_info=\u00bb{}\u00bb custom_padding__hover=\u00bb|||\u00bb][\/et_pb_column][et_pb_column type=\u00bb1_2&#8243; specialty_columns=\u00bb2&#8243; _builder_version=\u00bb4.16&#8243; custom_padding=\u00bb|||\u00bb global_colors_info=\u00bb{}\u00bb custom_padding__hover=\u00bb|||\u00bb][et_pb_row_inner _builder_version=\u00bb4.27.4&#8243; _module_preset=\u00bbdefault\u00bb min_height=\u00bb480.7px\u00bb custom_margin=\u00bb-79px||51px|||\u00bb custom_padding=\u00bb||152px|||\u00bb global_colors_info=\u00bb{}\u00bb][et_pb_column_inner saved_specialty_column_type=\u00bb1_2&#8243; _builder_version=\u00bb4.27.4&#8243; _module_preset=\u00bbdefault\u00bb global_colors_info=\u00bb{}\u00bb][et_pb_blurb title=\u00bbProcuradores de la Defensa del Trabajo\u00bb use_icon=\u00bbon\u00bb font_icon=\u00bb&#xf0c0;||fa||900&#8243; icon_color=\u00bb#8B7750&#8243; icon_alignment=\u00bbleft\u00bb _builder_version=\u00bb4.27.4&#8243; _module_preset=\u00bbdefault\u00bb header_level=\u00bbh3&#8243; header_font=\u00bb&#8211;et_global_heading_font||||||||\u00bb global_colors_info=\u00bb{}\u00bb]El Centro de Conciliaci\u00f3n Laboral del Estado de Quer\u00e9taro cuenta con procuradores y procuradoras de la defensa del trabajo, que  proporcionan, a los trabajadores y trabajadoras,  asesor\u00eda gratuita sobre sus derechos y los plazos de prescripci\u00f3n de los mismos, as\u00ed como respecto de los procedimientos de conciliaci\u00f3n y jurisdiccionales para solucionar los conflictos laborales.[\/et_pb_blurb][\/et_pb_column_inner][\/et_pb_row_inner][\/et_pb_column][\/et_pb_section][et_pb_section fb_built=\u00bb1&#8243; admin_label=\u00bbSection\u00bb module_id=\u00bbubicacion\u00bb _builder_version=\u00bb4.27.4&#8243; _module_preset=\u00bbdefault\u00bb da_popup_slug=\u00bbubicacion\u00bb da_disable_devices=\u00bboff|off|off\u00bb global_colors_info=\u00bb{}\u00bb da_is_popup=\u00bboff\u00bb da_exit_intent=\u00bboff\u00bb da_has_close=\u00bbon\u00bb da_alt_close=\u00bboff\u00bb da_dark_close=\u00bboff\u00bb da_not_modal=\u00bbon\u00bb da_is_singular=\u00bboff\u00bb da_with_loader=\u00bboff\u00bb da_has_shadow=\u00bbon\u00bb][et_pb_row _builder_version=\u00bb4.16&#8243; _module_preset=\u00bbdefault\u00bb min_height=\u00bb227.4px\u00bb custom_padding=\u00bb48px||22px|||\u00bb global_colors_info=\u00bb{}\u00bb][et_pb_column type=\u00bb4_4&#8243; _builder_version=\u00bb4.16&#8243; _module_preset=\u00bbdefault\u00bb global_colors_info=\u00bb{}\u00bb][et_pb_text _builder_version=\u00bb4.27.4&#8243; _module_preset=\u00bbdefault\u00bb text_font=\u00bb&#8211;et_global_heading_font||||||||\u00bb text_text_color=\u00bb#8B7750&#8243; text_font_size=\u00bb27px\u00bb global_colors_info=\u00bb{}\u00bb]<\/p>\n<p style=\"text-align: center;\">CONOCE NUESTRAS<\/p>\n<p>[\/et_pb_text][et_pb_text _builder_version=\u00bb4.27.4&#8243; _module_preset=\u00bb7d4a8cbc-5ddd-46c9-be95-23498c921cdd\u00bb header_2_font=\u00bbTrirong|500|||||||\u00bb header_2_text_color=\u00bb#000000&#8243; header_2_font_size=\u00bb60px\u00bb header_2_line_height=\u00bb1.3em\u00bb header_2_font_size_tablet=\u00bb30px\u00bb header_2_font_size_phone=\u00bb18px\u00bb header_2_font_size_last_edited=\u00bbon|phone\u00bb header_2_line_height_tablet=\u00bb1.3em\u00bb header_2_line_height_phone=\u00bb1.4em\u00bb header_2_line_height_last_edited=\u00bboff|desktop\u00bb global_colors_info=\u00bb{}\u00bb]<\/p>\n<h2 style=\"text-align: center;\">\u00a0 \u00a0 \u00a0 Ubicaci\u00f3nes<\/h2>\n<p>[\/et_pb_text][et_pb_divider color=\u00bb#595A5C\u00bb divider_weight=\u00bb2px\u00bb _builder_version=\u00bb4.27.4&#8243; _module_preset=\u00bbdefault\u00bb width=\u00bb210px\u00bb height=\u00bb2px\u00bb custom_margin=\u00bb||0px||false|false\u00bb locked=\u00bboff\u00bb global_colors_info=\u00bb{}\u00bb][\/et_pb_divider][\/et_pb_column][\/et_pb_row][et_pb_row column_structure=\u00bb1_2,1_2&#8243; _builder_version=\u00bb4.27.4&#8243; _module_preset=\u00bbdefault\u00bb min_height=\u00bb675px\u00bb global_colors_info=\u00bb{}\u00bb][et_pb_column type=\u00bb1_2&#8243; _builder_version=\u00bb4.16&#8243; _module_preset=\u00bbdefault\u00bb global_colors_info=\u00bb{}\u00bb][et_pb_blurb title=\u00bbCentro de Conciliaci\u00f3n Laboral del Estado de Quer\u00e9taro\u00bb url_new_window=\u00bbon\u00bb image=\u00bbhttps:\/\/cclqueretaro.gob.mx\/wp-content\/uploads\/2025\/10\/q.png\u00bb content_max_width=\u00bb100%\u00bb content_last_edited=\u00bboff|desktop\u00bb _builder_version=\u00bb4.27.4&#8243; _module_preset=\u00bba9c19a80-4e24-4315-9a62-909b5d3c40bd\u00bb header_level=\u00bbh5&#8243; header_font=\u00bb&#8211;et_global_heading_font|700|||||||\u00bb header_text_align=\u00bbcenter\u00bb header_text_color=\u00bb#000000&#8243; header_font_size=\u00bb29px\u00bb header_line_height=\u00bb1.6em\u00bb body_font=\u00bb&#8211;et_global_body_font||||||||\u00bb body_text_color=\u00bb#000000&#8243; body_font_size=\u00bb16px\u00bb body_line_height=\u00bb1.8em\u00bb text_orientation=\u00bbcenter\u00bb animation=\u00bboff\u00bb link_option_url=\u00bbhttps:\/\/maps.app.goo.gl\/RuHYSBhWTFtFkMJR9&#8243; header_font_size_tablet=\u00bb18px\u00bb header_font_size_phone=\u00bb16px\u00bb header_font_size_last_edited=\u00bboff|desktop\u00bb body_font_size_tablet=\u00bb14px\u00bb body_font_size_phone=\u00bb13px\u00bb body_font_size_last_edited=\u00bbon|desktop\u00bb global_colors_info=\u00bb{}\u00bb header_text_color__hover_enabled=\u00bbon|desktop\u00bb body_text_color__hover_enabled=\u00bbon|hover\u00bb header_text_color__hover=\u00bb#B49867&#8243; body_text_color__hover=\u00bb#B49867&#8243;]<\/p>\n<p style=\"font-weight: 400;\">Blvd. Bernardo Quintana 329, Centro Sur <span style=\"font-weight: 400;\">Santiago de Quer\u00e9taro, Quer\u00e9taro 76090<\/span><\/p>\n<p style=\"font-weight: 400;\"><strong>Tel: (442) 195 41 61<\/strong><\/p>\n<p><span style=\"font-weight: 400;\"><\/span><\/p>\n<p style=\"font-weight: 400;\"><span style=\"font-weight: 400;\"><\/span><\/p>\n<p style=\"font-weight: 400;\"><span style=\"font-weight: 400;\"><\/span><\/p>\n<p style=\"font-weight: 400;\"><span style=\"font-weight: 400;\"><\/span><\/p>\n<p>[\/et_pb_blurb][\/et_pb_column][et_pb_column type=\u00bb1_2&#8243; _builder_version=\u00bb4.27.4&#8243; _module_preset=\u00bbdefault\u00bb global_colors_info=\u00bb{}\u00bb][et_pb_blurb title=\u00bbDelegaci\u00f3n San Juan del R\u00edo\u00bb url_new_window=\u00bbon\u00bb image=\u00bbhttps:\/\/cclqueretaro.gob.mx\/wp-content\/uploads\/2025\/10\/q.png\u00bb content_max_width=\u00bb100%\u00bb content_last_edited=\u00bboff|desktop\u00bb _builder_version=\u00bb4.27.4&#8243; _module_preset=\u00bba9c19a80-4e24-4315-9a62-909b5d3c40bd\u00bb header_level=\u00bbh5&#8243; header_font=\u00bb&#8211;et_global_heading_font|700|||||||\u00bb header_text_align=\u00bbcenter\u00bb header_text_color=\u00bb#000000&#8243; header_font_size=\u00bb29px\u00bb header_line_height=\u00bb1.6em\u00bb body_font=\u00bb&#8211;et_global_body_font||||||||\u00bb body_text_color=\u00bb#000000&#8243; body_font_size=\u00bb16px\u00bb body_line_height=\u00bb1.8em\u00bb text_orientation=\u00bbcenter\u00bb custom_padding=\u00bb8px|10px||||\u00bb animation=\u00bboff\u00bb link_option_url=\u00bbhttps:\/\/maps.app.goo.gl\/jQCMJVcfcuDMn51C7&#8243; header_font_size_tablet=\u00bb18px\u00bb header_font_size_phone=\u00bb16px\u00bb header_font_size_last_edited=\u00bboff|desktop\u00bb body_font_size_tablet=\u00bb14px\u00bb body_font_size_phone=\u00bb13px\u00bb body_font_size_last_edited=\u00bbon|desktop\u00bb global_colors_info=\u00bb{}\u00bb header_text_color__hover_enabled=\u00bbon|desktop\u00bb body_text_color__hover_enabled=\u00bbon|hover\u00bb header_text_color__hover=\u00bb#B49867&#8243; body_text_color__hover=\u00bb#B49867&#8243;]<\/p>\n<p style=\"font-weight: 400;\">Av. Panamericana 99, Lomas de Guadalupe <span style=\"font-weight: 400;\">San Juan del R\u00edo, Quer\u00e9taro 76067<\/span><\/p>\n<p style=\"font-weight: 400;\"><strong>Tel: (427) 101 25 47<\/strong><\/p>\n<p><span style=\"font-weight: 400;\"><\/span><\/p>\n<p style=\"font-weight: 400;\"><span style=\"font-weight: 400;\"><\/span><\/p>\n<p style=\"font-weight: 400;\"><span style=\"font-weight: 400;\"><\/span><\/p>\n<p>[\/et_pb_blurb][\/et_pb_column][\/et_pb_row][\/et_pb_section][et_pb_section fb_built=\u00bb1&#8243; admin_label=\u00bbSection\u00bb _builder_version=\u00bb4.27.4&#8243; _module_preset=\u00bbdefault\u00bb da_disable_devices=\u00bboff|off|off\u00bb global_colors_info=\u00bb{}\u00bb da_is_popup=\u00bboff\u00bb da_exit_intent=\u00bboff\u00bb da_has_close=\u00bbon\u00bb da_alt_close=\u00bboff\u00bb da_dark_close=\u00bboff\u00bb da_not_modal=\u00bbon\u00bb da_is_singular=\u00bboff\u00bb da_with_loader=\u00bboff\u00bb da_has_shadow=\u00bbon\u00bb][\/et_pb_section][et_pb_section fb_built=\u00bb1&#8243; prev_background_color=\u00bb#ffffff\u00bb admin_label=\u00bbServices\u00bb module_id=\u00bbdirectorio\u00bb _builder_version=\u00bb4.27.4&#8243; _module_preset=\u00bbdefault\u00bb use_background_color_gradient=\u00bbon\u00bb background_color_gradient_stops=\u00bb#595a5c 0%|#ffffff 100%\u00bb min_height=\u00bb1389px\u00bb custom_margin=\u00bb-253px||-47px||false|false\u00bb custom_padding=\u00bb10vw||125px||false|false\u00bb top_divider_style=\u00bbarrow\u00bb top_divider_height=\u00bb10vw\u00bb da_popup_slug=\u00bbdirectorio\u00bb da_disable_devices=\u00bboff|off|off\u00bb locked=\u00bboff\u00bb global_colors_info=\u00bb{}\u00bb da_is_popup=\u00bboff\u00bb da_exit_intent=\u00bboff\u00bb da_has_close=\u00bbon\u00bb da_alt_close=\u00bboff\u00bb da_dark_close=\u00bboff\u00bb da_not_modal=\u00bbon\u00bb da_is_singular=\u00bboff\u00bb da_with_loader=\u00bboff\u00bb da_has_shadow=\u00bbon\u00bb][et_pb_row _builder_version=\u00bb4.16&#8243; _module_preset=\u00bbdefault\u00bb min_height=\u00bb122.4px\u00bb custom_padding=\u00bb93px|||||\u00bb global_colors_info=\u00bb{}\u00bb][et_pb_column type=\u00bb4_4&#8243; _builder_version=\u00bb4.16&#8243; _module_preset=\u00bbdefault\u00bb global_colors_info=\u00bb{}\u00bb][et_pb_text _builder_version=\u00bb4.27.4&#8243; _module_preset=\u00bbdefault\u00bb text_font=\u00bb&#8211;et_global_heading_font|700|||||||\u00bb text_text_color=\u00bb#B49867&#8243; text_font_size=\u00bb27px\u00bb global_colors_info=\u00bb{}\u00bb]<\/p>\n<p style=\"text-align: center;\">NUEVO SISTEMA DE<\/p>\n<p>[\/et_pb_text][et_pb_text _builder_version=\u00bb4.27.4&#8243; _module_preset=\u00bb7d4a8cbc-5ddd-46c9-be95-23498c921cdd\u00bb header_2_font=\u00bbTrirong|500|||||||\u00bb header_2_text_color=\u00bb#000000&#8243; header_2_font_size=\u00bb60px\u00bb header_2_line_height=\u00bb1.3em\u00bb header_2_font_size_tablet=\u00bb30px\u00bb header_2_font_size_phone=\u00bb18px\u00bb header_2_font_size_last_edited=\u00bbon|phone\u00bb header_2_line_height_tablet=\u00bb1.3em\u00bb header_2_line_height_phone=\u00bb1.4em\u00bb header_2_line_height_last_edited=\u00bboff|desktop\u00bb global_colors_info=\u00bb{}\u00bb]<\/p>\n<h2 style=\"text-align: center;\">Justicia Laboral<\/h2>\n<p>[\/et_pb_text][et_pb_text _builder_version=\u00bb4.27.4&#8243; _module_preset=\u00bb7d4a8cbc-5ddd-46c9-be95-23498c921cdd\u00bb text_text_color=\u00bb#595A5C\u00bb text_font_size=\u00bb1px\u00bb header_2_font=\u00bbTrirong|500|||||||\u00bb header_2_text_color=\u00bb#000000&#8243; header_2_font_size=\u00bb60px\u00bb header_2_line_height=\u00bb1.3em\u00bb header_4_font=\u00bb&#8211;et_global_body_font||||||||\u00bb header_2_font_size_tablet=\u00bb30px\u00bb header_2_font_size_phone=\u00bb18px\u00bb header_2_font_size_last_edited=\u00bbon|phone\u00bb header_2_line_height_tablet=\u00bb1.3em\u00bb header_2_line_height_phone=\u00bb1.4em\u00bb header_2_line_height_last_edited=\u00bboff|desktop\u00bb header_4_font_tablet=\u00bb&#8211;et_global_body_font||||||||\u00bb header_4_font_phone=\u00bb&#8211;et_global_body_font||||||||\u00bb header_4_font_last_edited=\u00bbon|desktop\u00bb global_colors_info=\u00bb{}\u00bb]<\/p>\n<h4 style=\"text-align: justify;\"><span>Este nuevo sistema de justicia laboral plantea que, antes de acudir ante un tribunal laboral, las personas trabajadoras y empleadoras deber\u00e1n acudir a un centro de conciliaci\u00f3n, por lo que s\u00f3lo en caso de no llegar a un acuerdo podr\u00e1n iniciar un juicio, el cual desahogar\u00e1 en dos audiencias con plazos mucho m\u00e1s breves que los actuales.<\/span><\/h4>\n<p>[\/et_pb_text][et_pb_divider color=\u00bb#595A5C\u00bb divider_weight=\u00bb2px\u00bb _builder_version=\u00bb4.27.4&#8243; _module_preset=\u00bbdefault\u00bb width=\u00bb210px\u00bb height=\u00bb2px\u00bb custom_margin=\u00bb||0px||false|false\u00bb locked=\u00bboff\u00bb global_colors_info=\u00bb{}\u00bb][\/et_pb_divider][\/et_pb_column][\/et_pb_row][et_pb_row column_structure=\u00bb1_2,1_2&#8243; module_id=\u00bbfaq\u00bb _builder_version=\u00bb4.27.4&#8243; _module_preset=\u00bbdefault\u00bb global_colors_info=\u00bb{}\u00bb][et_pb_column type=\u00bb1_2&#8243; _builder_version=\u00bb4.27.4&#8243; _module_preset=\u00bbdefault\u00bb global_colors_info=\u00bb{}\u00bb][et_pb_accordion open_toggle_text_color=\u00bb#000000&#8243; open_toggle_background_color=\u00bbRGBA(255,255,255,0)\u00bb closed_toggle_background_color=\u00bbRGBA(255,255,255,0)\u00bb toggle_icon=\u00bb&#x45;||divi||400&#8243; icon_color=\u00bb#000000&#8243; _builder_version=\u00bb4.27.4&#8243; _module_preset=\u00bbdefault\u00bb toggle_text_color=\u00bb#000000&#8243; toggle_level=\u00bbh4&#8243; toggle_font=\u00bb&#8211;et_global_heading_font|500|||||||\u00bb body_font=\u00bb&#8211;et_global_body_font|600|||||||\u00bb body_text_color=\u00bb#000000&#8243; body_link_font=\u00bb&#8211;et_global_body_font|800|||||||\u00bb body_link_text_color=\u00bb#8B7750&#8243; background_enable_color=\u00bboff\u00bb width=\u00bb79.8%\u00bb custom_margin=\u00bb|||45px|false|false\u00bb global_colors_info=\u00bb{}\u00bb icon_color__hover_enabled=\u00bbon|hover\u00bb icon_color__hover=\u00bb#B49867&#8243; open_toggle_text_color__hover_enabled=\u00bbon|desktop\u00bb open_toggle_text_color__hover=\u00bb#B49867&#8243; toggle_text_color__hover_enabled=\u00bbon|hover\u00bb toggle_text_color__hover=\u00bb#B49867&#8243;][et_pb_accordion_item title=\u00bbSu t\u00edtulo va aqu\u00ed\u00bb open=\u00bbon\u00bb _builder_version=\u00bb4.27.4&#8243; _module_preset=\u00bbdefault\u00bb custom_css_main_element=\u00bbdisplay:none;\u00bb global_colors_info=\u00bb{}\u00bb]<\/p>\n<p>Your content goes here. Edit or remove this text inline or in the module Content settings. You can also style every aspect of this content in the module Design settings and even apply custom CSS to this text in the module Advanced settings.<\/p>\n<p>[\/et_pb_accordion_item][et_pb_accordion_item title=\u00bb\u00bfC\u00f3mo inicio el proceso de conciliaci\u00f3n?\u00bb _builder_version=\u00bb4.27.4&#8243; _module_preset=\u00bbdefault\u00bb global_colors_info=\u00bb{}\u00bb open=\u00bboff\u00bb]<\/p>\n<ul>\n<li>Puedes realizar tu solicitud acudiendo personalmente a nuestras oficinas donde te ayudaremos a realizar tu registro. O dando <a href=\"https:\/\/sinacol.cclqueretaro.gob.mx\" target=\"_blank\" rel=\"noopener noreferrer\">click en esta liga<\/a><\/li>\n<li>Si hiciste tu solicitud en l\u00ednea,\u00a0es indispensable que acudas\u00a0a nuestras oficinas a ratificarla, donde se te dar\u00e1 un buz\u00f3n electr\u00f3nico. En tanto no ratifiques tu solicitud, no se dar\u00e1 por iniciado el tr\u00e1mite y el\u00a0tiempo que tienes para ejercer tus derechos laborales seguir\u00e1 corriendo.<\/li>\n<li>Se te notificar\u00e1 a trav\u00e9s del buz\u00f3n electr\u00f3nico y\/o del correo electr\u00f3nico registrado en un plazo m\u00e1ximo de 3 d\u00edas h\u00e1biles, la fecha y hora de tu cita, as\u00ed como el lugar y n\u00famero de solicitud.<\/li>\n<li>Recuerda que adem\u00e1s del Centro de Conciliaci\u00f3n Laboral, t\u00fa tambi\u00e9n podr\u00e1s realizar la notificaci\u00f3n correspondiente a la parte citada.<\/li>\n<li>Por \u00faltimo, acude a tu cita de conciliaci\u00f3n en la fecha y hora correspondiente, donde deber\u00e1s presentar original y copia de tu identificaci\u00f3n oficial.<\/li>\n<\/ul>\n<p>[\/et_pb_accordion_item][et_pb_accordion_item title=\u00bb\u00bfCu\u00e1nto tiempo dura el proceso de conciliaci\u00f3n?\u00bb _builder_version=\u00bb4.27.4&#8243; _module_preset=\u00bbdefault\u00bb global_colors_info=\u00bb{}\u00bb open=\u00bboff\u00bb]<\/p>\n<p><span>De acuerdo con el art\u00edculo 684-D de la Ley Federal del Trabajo, una vez iniciado el proceso de conciliaci\u00f3n,\u00a0podr\u00e1 durar un m\u00e1ximo de\u00a0<\/span><strong>cuarenta y cinco d\u00edas naturales<\/strong><span>.<\/span><\/p>\n<p>[\/et_pb_accordion_item][et_pb_accordion_item title=\u00bb \u00bfEs obligatorio el proceso de conciliaci\u00f3n?\u00bb _builder_version=\u00bb4.27.4&#8243; _module_preset=\u00bbdefault\u00bb global_colors_info=\u00bb{}\u00bb open=\u00bboff\u00bb]<\/p>\n<p><span>El proceso de conciliaci\u00f3n es obligatorio, sin embargo, de acuerdo con la Ley Federal del Trabajo, los casos que\u00a0pueden omitir este proceso\u00a0son los conflictos relacionados con:<\/span><\/p>\n<ul>\n<li>Discriminaci\u00f3n en el empleo y ocupaci\u00f3n por embarazo, as\u00ed como razones de sexo, orientaci\u00f3n sexual, raza, religi\u00f3n, origen \u00e9tnico, condici\u00f3n social o acoso u hostigamiento sexual.<\/li>\n<li>Designaci\u00f3n de beneficiarios por muerte.<\/li>\n<li>Prestaciones de seguridad social por riesgos de trabajo, maternidad, enfermedades, invalidez, vida, guarder\u00edas y prestaciones en especie y accidentes de trabajo.<\/li>\n<li>Tutela de derechos fundamentales y libertades p\u00fablicas de car\u00e1cter laboral relacionados con:\n<ol>\n<li>Libertad de asociaci\u00f3n, libertad sindical y negociaci\u00f3n colectiva<\/li>\n<li>Trata laboral, trabajo forzoso y obligatorio<\/li>\n<li>Trabajo infantil<\/li>\n<\/ol>\n<\/li>\n<li>Disputa de la titularidad de contratos colectivos o contratos ley.<\/li>\n<li>Impugnaci\u00f3n o modificaci\u00f3n de estatutos de los sindicatos.<\/li>\n<\/ul>\n<p>[\/et_pb_accordion_item][\/et_pb_accordion][\/et_pb_column][et_pb_column type=\u00bb1_2&#8243; _builder_version=\u00bb4.27.4&#8243; _module_preset=\u00bbdefault\u00bb global_colors_info=\u00bb{}\u00bb][et_pb_accordion open_toggle_text_color=\u00bb#000000&#8243; open_toggle_background_color=\u00bbRGBA(255,255,255,0)\u00bb closed_toggle_background_color=\u00bbRGBA(255,255,255,0)\u00bb toggle_icon=\u00bb&#x45;||divi||400&#8243; icon_color=\u00bb#000000&#8243; _builder_version=\u00bb4.27.4&#8243; _module_preset=\u00bbdefault\u00bb toggle_text_color=\u00bb#000000&#8243; toggle_level=\u00bbh4&#8243; toggle_font=\u00bb&#8211;et_global_heading_font|500|||||||\u00bb body_font=\u00bb&#8211;et_global_body_font|600|||||||\u00bb body_text_color=\u00bb#000000&#8243; body_link_font=\u00bb&#8211;et_global_body_font|800|||||||\u00bb body_link_text_color=\u00bb#8B7750&#8243; background_enable_color=\u00bboff\u00bb width=\u00bb79.8%\u00bb custom_margin=\u00bb|||45px|false|false\u00bb global_colors_info=\u00bb{}\u00bb icon_color__hover_enabled=\u00bbon|hover\u00bb icon_color__hover=\u00bb#B49867&#8243; open_toggle_text_color__hover_enabled=\u00bbon|desktop\u00bb open_toggle_text_color__hover=\u00bb#B49867&#8243; toggle_text_color__hover_enabled=\u00bbon|hover\u00bb toggle_text_color__hover=\u00bb#B49867&#8243;][et_pb_accordion_item title=\u00bbSu t\u00edtulo va aqu\u00ed\u00bb open=\u00bbon\u00bb _builder_version=\u00bb4.27.4&#8243; _module_preset=\u00bbdefault\u00bb custom_css_main_element=\u00bbdisplay:none;\u00bb global_colors_info=\u00bb{}\u00bb]<\/p>\n<p>Your content goes here. Edit or remove this text inline or in the module Content settings. You can also style every aspect of this content in the module Design settings and even apply custom CSS to this text in the module Advanced settings.<\/p>\n<p>[\/et_pb_accordion_item][et_pb_accordion_item title=\u00bb\u00bfCu\u00e1l es el plazo para iniciar el proceso de conciliaci\u00f3n?\u00bb _builder_version=\u00bb4.27.4&#8243; _module_preset=\u00bbdefault\u00bb global_colors_info=\u00bb{}\u00bb open=\u00bboff\u00bb]<\/p>\n<p><span>Existe un tiempo l\u00edmite para ejercer tus derechos, el cu\u00e1l depende del tipo de conflicto. El plazo para iniciar tu proceso de conciliaci\u00f3n ser\u00e1 de acuerdo con lo siguiente y contar\u00e1 a partir de tu \u00faltimo d\u00eda de trabajo:<\/span><br \/><span>Conflicto de despido o derecho de preferencia:\u00a0<\/span><strong>2 meses<\/strong><span>.<\/span><br \/><span>Rescisi\u00f3n de trabajo:\u00a0<\/span><strong>1 mes<\/strong><span>.<\/span><br \/><span>Pago de prestaciones o derecho de antig\u00fcedad y ascenso:\u00a0<\/span><strong>1 a\u00f1o<\/strong><span>.<\/span><\/p>\n<p>[\/et_pb_accordion_item][et_pb_accordion_item title=\u00bb \u00bfQu\u00e9 pasa si no asisto a la audiencia de conciliaci\u00f3n?\u00bb _builder_version=\u00bb4.27.4&#8243; _module_preset=\u00bbdefault\u00bb global_colors_info=\u00bb{}\u00bb open=\u00bboff\u00bb]<\/p>\n<p><span>Si no asistes a tu audiencia de conciliaci\u00f3n, se archiva tu asunto y tendr\u00e1s que iniciarlo nuevamente.<\/span><\/p>\n<p>[\/et_pb_accordion_item][et_pb_accordion_item title=\u00bb\u00bfTiene costo el servicio?\u00bb _builder_version=\u00bb4.27.4&#8243; _module_preset=\u00bbdefault\u00bb global_colors_info=\u00bb{}\u00bb open=\u00bboff\u00bb]<\/p>\n<p><span>No, todos los servicios que presta y asuntos que atiende el Centro de Conciliaci\u00f3n Laboral del Estado de Quer\u00e9taro\u00a0<\/span><strong>son gratuitos<\/strong><span>.<\/span><\/p>\n<p>[\/et_pb_accordion_item][\/et_pb_accordion][\/et_pb_column][\/et_pb_row][\/et_pb_section][et_pb_section fb_built=\u00bb1&#8243; prev_background_color=\u00bb#ffffff\u00bb admin_label=\u00bbServices\u00bb module_id=\u00bbcontactanos\u00bb _builder_version=\u00bb4.27.4&#8243; _module_preset=\u00bbdefault\u00bb use_background_color_gradient=\u00bbon\u00bb background_color_gradient_stops=\u00bb#595a5c 0%|#ffffff 100%\u00bb min_height=\u00bb1080px\u00bb custom_margin=\u00bb-429px||60px||false|false\u00bb custom_padding=\u00bb8vw||125px||false|false\u00bb top_divider_style=\u00bbarrow\u00bb top_divider_height=\u00bb10vw\u00bb da_popup_slug=\u00bbcontactanos\u00bb da_disable_devices=\u00bboff|off|off\u00bb locked=\u00bboff\u00bb global_colors_info=\u00bb{}\u00bb da_is_popup=\u00bboff\u00bb da_exit_intent=\u00bboff\u00bb da_has_close=\u00bbon\u00bb da_alt_close=\u00bboff\u00bb da_dark_close=\u00bboff\u00bb da_not_modal=\u00bbon\u00bb da_is_singular=\u00bboff\u00bb da_with_loader=\u00bboff\u00bb da_has_shadow=\u00bbon\u00bb][et_pb_row _builder_version=\u00bb4.16&#8243; _module_preset=\u00bbdefault\u00bb min_height=\u00bb211.4px\u00bb custom_padding=\u00bb48px||0px|||\u00bb global_colors_info=\u00bb{}\u00bb][et_pb_column type=\u00bb4_4&#8243; _builder_version=\u00bb4.16&#8243; _module_preset=\u00bbdefault\u00bb global_colors_info=\u00bb{}\u00bb][et_pb_text _builder_version=\u00bb4.27.4&#8243; _module_preset=\u00bbdefault\u00bb text_font=\u00bb&#8211;et_global_heading_font|700|||||||\u00bb text_text_color=\u00bb#B49867&#8243; text_font_size=\u00bb27px\u00bb global_colors_info=\u00bb{}\u00bb]<\/p>\n<p style=\"text-align: center;\">\u00bfTIENES DUDAS?<\/p>\n<p>[\/et_pb_text][et_pb_text _builder_version=\u00bb4.27.4&#8243; _module_preset=\u00bb7d4a8cbc-5ddd-46c9-be95-23498c921cdd\u00bb header_2_font=\u00bbTrirong|500|||||||\u00bb header_2_text_color=\u00bb#000000&#8243; header_2_font_size=\u00bb60px\u00bb header_2_line_height=\u00bb1.3em\u00bb custom_margin=\u00bb||11px|||\u00bb header_2_font_size_tablet=\u00bb30px\u00bb header_2_font_size_phone=\u00bb18px\u00bb header_2_font_size_last_edited=\u00bbon|phone\u00bb header_2_line_height_tablet=\u00bb1.3em\u00bb header_2_line_height_phone=\u00bb1.4em\u00bb header_2_line_height_last_edited=\u00bboff|desktop\u00bb global_colors_info=\u00bb{}\u00bb]<\/p>\n<h2 style=\"text-align: center;\">Contactanos<\/h2>\n<p>[\/et_pb_text][et_pb_divider color=\u00bb#595A5C\u00bb divider_weight=\u00bb2px\u00bb _builder_version=\u00bb4.27.4&#8243; _module_preset=\u00bbdefault\u00bb width=\u00bb210px\u00bb height=\u00bb2px\u00bb custom_margin=\u00bb||0px||false|false\u00bb locked=\u00bboff\u00bb global_colors_info=\u00bb{}\u00bb][\/et_pb_divider][\/et_pb_column][\/et_pb_row][et_pb_row _builder_version=\u00bb4.27.4&#8243; _module_preset=\u00bbdefault\u00bb min_height=\u00bb129px\u00bb global_colors_info=\u00bb{}\u00bb][et_pb_column type=\u00bb4_4&#8243; _builder_version=\u00bb4.27.4&#8243; _module_preset=\u00bbdefault\u00bb global_colors_info=\u00bb{}\u00bb][et_pb_blurb _builder_version=\u00bb4.27.4&#8243; _module_preset=\u00bbdefault\u00bb body_font=\u00bb&#8211;et_global_body_font|600|||||||\u00bb body_text_color=\u00bb#595A5C\u00bb body_font_size=\u00bb17px\u00bb text_orientation=\u00bbcenter\u00bb global_colors_info=\u00bb{}\u00bb]<\/p>\n<p><span>Completa el formulario y con gusto resolveremos tus dudas o atenderemos tus comentarios. Es importante que proporciones una direcci\u00f3n de correo electr\u00f3nico v\u00e1lida para que te podamos contactar.<\/span><\/p>\n<p>[\/et_pb_blurb][\/et_pb_column][\/et_pb_row][et_pb_row column_structure=\u00bb1_2,1_2&#8243; _builder_version=\u00bb4.27.4&#8243; _module_preset=\u00bbdefault\u00bb min_height=\u00bb580.7px\u00bb custom_margin=\u00bb-14px|auto|-82px|auto||\u00bb custom_padding=\u00bb||54px|||\u00bb global_colors_info=\u00bb{}\u00bb][et_pb_column type=\u00bb1_2&#8243; _builder_version=\u00bb4.27.4&#8243; _module_preset=\u00bbdefault\u00bb global_colors_info=\u00bb{}\u00bb][et_pb_text _builder_version=\u00bb4.27.4&#8243; _module_preset=\u00bbdefault\u00bb text_font=\u00bb&#8211;et_global_heading_font|500|||||||\u00bb text_text_color=\u00bb#000000&#8243; text_font_size=\u00bb15px\u00bb text_line_height=\u00bb1.6em\u00bb transform_translate=\u00bb27px|27px\u00bb custom_margin=\u00bb|||2px|false|false\u00bb custom_padding=\u00bb|||114px||\u00bb global_colors_info=\u00bb{}\u00bb]<\/p>\n\n<div class=\"wpcf7 no-js\" id=\"wpcf7-f569-o1\" lang=\"es-ES\" dir=\"ltr\" data-wpcf7-id=\"569\">\n<div class=\"screen-reader-response\"><p role=\"status\" aria-live=\"polite\" aria-atomic=\"true\"><\/p> <ul><\/ul><\/div>\n<form action=\"\/index.php\/wp-json\/wp\/v2\/pages\/17#wpcf7-f569-o1\" method=\"post\" class=\"wpcf7-form init\" aria-label=\"Formulario de contacto\" novalidate=\"novalidate\" data-status=\"init\">\n<fieldset class=\"hidden-fields-container\"><input type=\"hidden\" name=\"_wpcf7\" value=\"569\" \/><input type=\"hidden\" name=\"_wpcf7_version\" value=\"6.1.3\" \/><input type=\"hidden\" name=\"_wpcf7_locale\" value=\"es_ES\" \/><input type=\"hidden\" name=\"_wpcf7_unit_tag\" value=\"wpcf7-f569-o1\" \/><input type=\"hidden\" name=\"_wpcf7_container_post\" value=\"0\" \/><input type=\"hidden\" name=\"_wpcf7_posted_data_hash\" value=\"\" \/><input type=\"hidden\" name=\"_wpcf7_recaptcha_response\" value=\"\" \/>\n<\/fieldset>\n<p><label> Tu nombre<br \/>\n<span class=\"wpcf7-form-control-wrap\" data-name=\"your-name\"><input size=\"40\" maxlength=\"400\" class=\"wpcf7-form-control wpcf7-text wpcf7-validates-as-required\" autocomplete=\"name\" aria-required=\"true\" aria-invalid=\"false\" value=\"\" type=\"text\" name=\"your-name\" \/><\/span> <\/label>\n<\/p>\n<p><label> Tu correo electr\u00f3nico<br \/>\n<span class=\"wpcf7-form-control-wrap\" data-name=\"your-email\"><input size=\"40\" maxlength=\"400\" class=\"wpcf7-form-control wpcf7-email wpcf7-validates-as-required wpcf7-text wpcf7-validates-as-email\" autocomplete=\"email\" aria-required=\"true\" aria-invalid=\"false\" value=\"\" type=\"email\" name=\"your-email\" \/><\/span> <\/label>\n<\/p>\n<p><label> Asunto<br \/>\n<span class=\"wpcf7-form-control-wrap\" data-name=\"your-subject\"><input size=\"40\" maxlength=\"400\" class=\"wpcf7-form-control wpcf7-text wpcf7-validates-as-required\" aria-required=\"true\" aria-invalid=\"false\" value=\"\" type=\"text\" name=\"your-subject\" \/><\/span> <\/label>\n<\/p>\n<p><label> Tu mensaje (opcional)<br \/>\n<span class=\"wpcf7-form-control-wrap\" data-name=\"your-message\"><textarea cols=\"40\" rows=\"10\" maxlength=\"2000\" class=\"wpcf7-form-control wpcf7-textarea\" aria-invalid=\"false\" name=\"your-message\"><\/textarea><\/span> <\/label>\n<\/p>\n<p><input class=\"wpcf7-form-control wpcf7-submit has-spinner\" type=\"submit\" value=\"Enviar Formulario de contacto\" \/>\n<\/p><div class=\"wpcf7-response-output\" aria-hidden=\"true\"><\/div>\n<\/form>\n<\/div>\n\n<p>[\/et_pb_text][\/et_pb_column][et_pb_column type=\u00bb1_2&#8243; _builder_version=\u00bb4.27.4&#8243; _module_preset=\u00bbdefault\u00bb global_colors_info=\u00bb{}\u00bb][et_pb_text _builder_version=\u00bb4.27.4&#8243; _module_preset=\u00bbdefault\u00bb text_font=\u00bb&#8211;et_global_body_font|800|||||||\u00bb text_text_color=\u00bb#000000&#8243; link_option_url=\u00bb#Aviso-Legal\u00bb global_colors_info=\u00bb{}\u00bb text_text_color__hover_enabled=\u00bbon|hover\u00bb text_text_color__hover=\u00bb#8B7750&#8243;]<\/p>\n<p>AVISO LEGAL<\/p>\n<p>[\/et_pb_text][\/et_pb_column][\/et_pb_row][\/et_pb_section][et_pb_section fb_built=\u00bb1&#8243; admin_label=\u00bbPopup &#8211; #Aviso-Legal\u00bb module_id=\u00bbAviso-Legal\u00bb module_class=\u00bbpopup\u00bb _builder_version=\u00bb4.27.4&#8243; _module_preset=\u00bbdefault\u00bb width=\u00bb68.6%\u00bb custom_margin=\u00bb|321px||||\u00bb da_is_popup=\u00bbon\u00bb da_popup_slug=\u00bbAviso-Legal\u00bb da_disable_devices=\u00bboff|off|off\u00bb global_colors_info=\u00bb{}\u00bb da_exit_intent=\u00bboff\u00bb da_has_close=\u00bbon\u00bb da_alt_close=\u00bboff\u00bb da_dark_close=\u00bboff\u00bb da_not_modal=\u00bbon\u00bb da_is_singular=\u00bboff\u00bb da_with_loader=\u00bboff\u00bb da_has_shadow=\u00bbon\u00bb][et_pb_row _builder_version=\u00bb4.27.4&#8243; _module_preset=\u00bbdefault\u00bb custom_margin=\u00bb|67px||109px||\u00bb custom_padding=\u00bb|9px||0px||\u00bb global_colors_info=\u00bb{}\u00bb][et_pb_column type=\u00bb4_4&#8243; _builder_version=\u00bb4.27.4&#8243; _module_preset=\u00bbdefault\u00bb global_colors_info=\u00bb{}\u00bb][et_pb_blurb title=\u00bbAviso Legal\u00bb _builder_version=\u00bb4.27.4&#8243; _module_preset=\u00bbdefault\u00bb header_font=\u00bb&#8211;et_global_body_font|600|||||||\u00bb header_text_color=\u00bb#595A5C\u00bb header_font_size=\u00bb20px\u00bb body_font=\u00bb&#8211;et_global_body_font||||||||\u00bb body_text_color=\u00bb#595A5C\u00bb body_font_size=\u00bb16px\u00bb body_link_text_color=\u00bb#8B7750&#8243; body_link_font_size=\u00bb17px\u00bb global_colors_info=\u00bb{}\u00bb]<\/p>\n<p><span>En cumplimiento con lo establecido en la Constituci\u00f3n Pol\u00edtica de los Estados Unidos Mexicanos y la Ley de Protecci\u00f3n de Datos Personales en Posesi\u00f3n de Sujetos Obligados del Estado de Quer\u00e9taro, le informamos que los datos personales requeridos para tr\u00e1mites, servicios y programas que son ofrecidos por el Centro de Conciliaci\u00f3n Laboral del Estado de Quer\u00e9taro, son tratados conforme al aviso de privacidad integral correspondiente, mismo que puede consultar en <\/span><a href=\"https:\/\/cclqueretaro.gob.mx\/index.php\/privacy-policy\/\" target=\"_blank\" rel=\"noopener noreferrer\">esta liga<\/a><span>.<\/span><\/p>\n<p>[\/et_pb_blurb][\/et_pb_column][\/et_pb_row][\/et_pb_section]<\/p>\n","protected":false},"excerpt":{"rendered":"<p>DE ACUERDO CON EL NUEVO SISTEMA DE Justicia Laboral El Centro de Conciliaci\u00f3n Laboral del Estado de Quer\u00e9taro tiene por objeto sustanciar el procedimiento de conciliaci\u00f3n que deber\u00e1n agotar las personas trabajadoras y empleadoras, en los asuntos de orden local, previa al juicio ante los tribunales locales, procurando el equilibrio entre los factores de producci\u00f3n, [&hellip;]<\/p>\n","protected":false},"author":1,"featured_media":0,"parent":0,"menu_order":0,"comment_status":"closed","ping_status":"closed","template":"","meta":{"_et_pb_use_builder":"on","_et_pb_old_content":"","_et_gb_content_width":"","footnotes":""},"class_list":["post-17","page","type-page","status-publish","hentry"],"_links":{"self":[{"href":"https:\/\/cclqueretaro.gob.mx\/index.php\/wp-json\/wp\/v2\/pages\/17","targetHints":{"allow":["GET"]}}],"collection":[{"href":"https:\/\/cclqueretaro.gob.mx\/index.php\/wp-json\/wp\/v2\/pages"}],"about":[{"href":"https:\/\/cclqueretaro.gob.mx\/index.php\/wp-json\/wp\/v2\/types\/page"}],"author":[{"embeddable":true,"href":"https:\/\/cclqueretaro.gob.mx\/index.php\/wp-json\/wp\/v2\/users\/1"}],"replies":[{"embeddable":true,"href":"https:\/\/cclqueretaro.gob.mx\/index.php\/wp-json\/wp\/v2\/comments?post=17"}],"version-history":[{"count":135,"href":"https:\/\/cclqueretaro.gob.mx\/index.php\/wp-json\/wp\/v2\/pages\/17\/revisions"}],"predecessor-version":[{"id":999,"href":"https:\/\/cclqueretaro.gob.mx\/index.php\/wp-json\/wp\/v2\/pages\/17\/revisions\/999"}],"wp:attachment":[{"href":"https:\/\/cclqueretaro.gob.mx\/index.php\/wp-json\/wp\/v2\/media?parent=17"}],"curies":[{"name":"wp","href":"https:\/\/api.w.org\/{rel}","templated":true}]}}